{"id":24,"date":"2022-01-12T17:45:21","date_gmt":"2022-01-12T17:45:21","guid":{"rendered":"http:\/\/s897624080.online.de\/?page_id=24"},"modified":"2025-10-08T16:13:35","modified_gmt":"2025-10-08T16:13:35","slug":"startseite","status":"publish","type":"page","link":"https:\/\/saegewerk-enders.de\/en\/","title":{"rendered":"Sawmill Enders"},"content":{"rendered":"\t\t<div data-elementor-type=\"wp-page\" data-elementor-id=\"24\" class=\"elementor elementor-24\" data-elementor-post-type=\"page\">\n\t\t\t\t\t\t<section class=\"elementor-section elementor-top-section elementor-element elementor-element-7472ead elementor-section-height-min-height elementor-section-boxed elementor-section-height-default elementor-section-items-middle\" data-id=\"7472ead\" data-element_type=\"section\" data-e-type=\"section\" data-settings=\"{&quot;background_background&quot;:&quot;slideshow&quot;,&quot;animation&quot;:&quot;none&quot;,&quot;background_slideshow_gallery&quot;:[{&quot;id&quot;:2666,&quot;url&quot;:&quot;http:\\\/\\\/saegewerk-enders.de\\\/wp-content\\\/uploads\\\/2022\\\/05\\\/Uebersicht_neu_01_1920.jpg&quot;},{&quot;id&quot;:2655,&quot;url&quot;:&quot;http:\\\/\\\/saegewerk-enders.de\\\/wp-content\\\/uploads\\\/2022\\\/05\\\/Transportwagen_08_1920.jpg&quot;},{&quot;id&quot;:2670,&quot;url&quot;:&quot;http:\\\/\\\/saegewerk-enders.de\\\/wp-content\\\/uploads\\\/2022\\\/05\\\/Mitarbeiter_01_1920.jpg&quot;},{&quot;id&quot;:2651,&quot;url&quot;:&quot;http:\\\/\\\/saegewerk-enders.de\\\/wp-content\\\/uploads\\\/2022\\\/05\\\/Transportwagen_04_1920.jpg&quot;},{&quot;id&quot;:1875,&quot;url&quot;:&quot;http:\\\/\\\/saegewerk-enders.de\\\/wp-content\\\/uploads\\\/2022\\\/02\\\/Pruduktionshalle1_GlasRep.jpg&quot;},{&quot;id&quot;:476,&quot;url&quot;:&quot;http:\\\/\\\/saegewerk-enders.de\\\/wp-content\\\/uploads\\\/2022\\\/01\\\/Produktionshalle1_01_1920Px.jpg&quot;},{&quot;id&quot;:486,&quot;url&quot;:&quot;http:\\\/\\\/saegewerk-enders.de\\\/wp-content\\\/uploads\\\/2022\\\/01\\\/Holzanlieferung_01_1920Px.jpg&quot;},{&quot;id&quot;:544,&quot;url&quot;:&quot;http:\\\/\\\/saegewerk-enders.de\\\/wp-content\\\/uploads\\\/2022\\\/01\\\/Trockenkammer_02_1920Px.jpg&quot;}],&quot;background_slideshow_ken_burns&quot;:&quot;yes&quot;,&quot;background_slideshow_lazyload&quot;:&quot;yes&quot;,&quot;background_slideshow_loop&quot;:&quot;yes&quot;,&quot;background_slideshow_slide_duration&quot;:5000,&quot;background_slideshow_slide_transition&quot;:&quot;fade&quot;,&quot;background_slideshow_transition_duration&quot;:500,&quot;background_slideshow_ken_burns_zoom_direction&quot;:&quot;in&quot;}\">\n\t\t\t\t\t\t<div class=\"elementor-container elementor-column-gap-default\">\n\t\t\t\t\t<div class=\"elementor-column elementor-col-100 elementor-top-column elementor-element elementor-element-f50f7cc\" data-id=\"f50f7cc\" data-element_type=\"column\" data-e-type=\"column\">\n\t\t\t<div class=\"elementor-widget-wrap\">\n\t\t\t\t\t\t\t<\/div>\n\t\t<\/div>\n\t\t\t\t\t<\/div>\n\t\t<\/section>\n\t\t\t\t<section class=\"elementor-section elementor-top-section elementor-element elementor-element-3a7f9148 elementor-section-boxed elementor-section-height-default elementor-section-height-default\" data-id=\"3a7f9148\" data-element_type=\"section\" data-e-type=\"section\">\n\t\t\t\t\t\t<div class=\"elementor-container elementor-column-gap-default\">\n\t\t\t\t\t<div class=\"elementor-column elementor-col-100 elementor-top-column elementor-element elementor-element-348ca7e4\" data-id=\"348ca7e4\" data-element_type=\"column\" data-e-type=\"column\">\n\t\t\t<div class=\"elementor-widget-wrap elementor-element-populated\">\n\t\t\t\t\t\t<div class=\"elementor-element elementor-element-26162595 elementor-widget elementor-widget-heading\" data-id=\"26162595\" data-element_type=\"widget\" data-e-type=\"widget\" data-widget_type=\"heading.default\">\n\t\t\t\t<div class=\"elementor-widget-container\">\n\t\t\t\t\t<h1 class=\"elementor-heading-title elementor-size-default\">S\u00c4GEWERK ALOIS ENDERS GMBH &amp; CO. KG  ST. THOMAS (EIFEL)<\/h1>\t\t\t\t<\/div>\n\t\t\t\t<\/div>\n\t\t\t\t\t<\/div>\n\t\t<\/div>\n\t\t\t\t\t<\/div>\n\t\t<\/section>\n\t\t\t\t<section class=\"elementor-section elementor-top-section elementor-element elementor-element-d1eb070 elementor-section-boxed elementor-section-height-default elementor-section-height-default\" data-id=\"d1eb070\" data-element_type=\"section\" data-e-type=\"section\">\n\t\t\t\t\t\t<div class=\"elementor-container elementor-column-gap-default\">\n\t\t\t\t\t<div class=\"elementor-column elementor-col-50 elementor-top-column elementor-element elementor-element-efd4705\" data-id=\"efd4705\" data-element_type=\"column\" data-e-type=\"column\">\n\t\t\t<div class=\"elementor-widget-wrap elementor-element-populated\">\n\t\t\t\t\t\t<div class=\"elementor-element elementor-element-16ca1fd elementor-widget elementor-widget-text-editor\" data-id=\"16ca1fd\" data-element_type=\"widget\" data-e-type=\"widget\" data-widget_type=\"text-editor.default\">\n\t\t\t\t<div class=\"elementor-widget-container\">\n\t\t\t\t\t\t\t\t\t<p><strong>Herzlich willkommen auf den Internetseiten des\u00a0S\u00e4gewerks Alois Enders GmbH &amp; Co. KG in St. Thomas (Eifel).<\/strong><\/p><ul><li>Die S\u00e4gewerk Alois Enders GmbH &amp; Co. KG ist der Spezialist f\u00fcr die Verarbeitung von Eichenrundholz. Auf den folgenden Informationsseiten geben wir Ihnen einen Einblick in unser Unternehmen. \u00a0Wir stellen Ihnen unseren Produktionsablauf, vom Einkauf der Eichenst\u00e4mme \u00fcber die einzelnen Verarbeitungsschritte, bis hin zu den fertigen Produkten vor.<br \/><br \/><\/li><li>Zu unseren <a href=\"http:\/\/saegewerk-enders.de\/hauptprodukte\"><strong>Hauptprodukten<\/strong><\/a> z\u00e4hlen Schnittholzprodukte f\u00fcr die Fu\u00dfboden- und M\u00f6belindustrie, Schwellen und Kanth\u00f6lzer sowie Bohlen und H\u00f6lzer f\u00fcr die Verpackungsindustrie.\u00a0In der Produktionskette fallen die <a href=\"https:\/\/saegewerk-enders.de\/nebenprodukte\"><strong>Nebenprodukte<\/strong> <\/a>Holzhackschnitzel, S\u00e4gemehl, Brennholz und Rinde an.<\/li><\/ul>\t\t\t\t\t\t\t\t<\/div>\n\t\t\t\t<\/div>\n\t\t\t\t\t<\/div>\n\t\t<\/div>\n\t\t\t\t<div class=\"elementor-column elementor-col-50 elementor-top-column elementor-element elementor-element-1627c83\" data-id=\"1627c83\" data-element_type=\"column\" data-e-type=\"column\">\n\t\t\t<div class=\"elementor-widget-wrap elementor-element-populated\">\n\t\t\t\t\t\t<div class=\"elementor-element elementor-element-2981dc3 elementor-widget elementor-widget-video\" data-id=\"2981dc3\" data-element_type=\"widget\" data-e-type=\"widget\" data-settings=\"{&quot;youtube_url&quot;:&quot;https:\\\/\\\/youtu.be\\\/mPfGN2bdRUg&quot;,&quot;show_image_overlay&quot;:&quot;yes&quot;,&quot;image_overlay&quot;:{&quot;url&quot;:&quot;http:\\\/\\\/saegewerk-enders.de\\\/wp-content\\\/uploads\\\/2022\\\/05\\\/Transportwagen_08_1920.jpg&quot;,&quot;id&quot;:2655,&quot;size&quot;:&quot;&quot;,&quot;alt&quot;:&quot;Transportwagen&quot;,&quot;source&quot;:&quot;library&quot;},&quot;video_type&quot;:&quot;youtube&quot;,&quot;controls&quot;:&quot;yes&quot;}\" data-widget_type=\"video.default\">\n\t\t\t\t<div class=\"elementor-widget-container\">\n\t\t\t\t\t\t\t<div class=\"elementor-wrapper elementor-open-inline\">\n\t\t\t<div class=\"elementor-video\"><\/div>\t\t\t\t<div class=\"elementor-custom-embed-image-overlay\" style=\"background-image: url(https:\/\/saegewerk-enders.de\/wp-content\/uploads\/2022\/05\/Transportwagen_08_1920.jpg);\">\n\t\t\t\t\t\t\t\t\t\t\t\t\t\t\t\t<div class=\"elementor-custom-embed-play\" role=\"button\" aria-label=\"Video abspielen \u00fcber Transportwagen\" tabindex=\"0\">\n\t\t\t\t\t\t\t<i aria-hidden=\"true\" class=\"eicon-play\"><\/i>\t\t\t\t\t\t<\/div>\n\t\t\t\t\t\t\t\t\t<\/div>\n\t\t\t\t\t<\/div>\n\t\t\t\t\t\t<\/div>\n\t\t\t\t<\/div>\n\t\t\t\t\t<\/div>\n\t\t<\/div>\n\t\t\t\t\t<\/div>\n\t\t<\/section>\n\t\t\t\t<section class=\"elementor-section elementor-top-section elementor-element elementor-element-9f2f356 elementor-section-boxed elementor-section-height-default elementor-section-height-default\" data-id=\"9f2f356\" data-element_type=\"section\" data-e-type=\"section\">\n\t\t\t\t\t\t<div class=\"elementor-container elementor-column-gap-default\">\n\t\t\t\t\t<div class=\"elementor-column elementor-col-100 elementor-top-column elementor-element elementor-element-3e9b92e3\" data-id=\"3e9b92e3\" data-element_type=\"column\" data-e-type=\"column\">\n\t\t\t<div class=\"elementor-widget-wrap elementor-element-populated\">\n\t\t\t\t\t\t<div class=\"elementor-element elementor-element-678dec99 elementor-widget elementor-widget-heading\" data-id=\"678dec99\" data-element_type=\"widget\" data-e-type=\"widget\" data-widget_type=\"heading.default\">\n\t\t\t\t<div class=\"elementor-widget-container\">\n\t\t\t\t\t<h2 class=\"elementor-heading-title elementor-size-default\">Als nachhaltiges Unternehmen <\/h2>\t\t\t\t<\/div>\n\t\t\t\t<\/div>\n\t\t\t\t\t<\/div>\n\t\t<\/div>\n\t\t\t\t\t<\/div>\n\t\t<\/section>\n\t\t\t\t<section class=\"elementor-section elementor-top-section elementor-element elementor-element-a66dead elementor-section-boxed elementor-section-height-default elementor-section-height-default\" data-id=\"a66dead\" data-element_type=\"section\" data-e-type=\"section\">\n\t\t\t\t\t\t<div class=\"elementor-container elementor-column-gap-default\">\n\t\t\t\t\t<div class=\"elementor-column elementor-col-100 elementor-top-column elementor-element elementor-element-0aa4dda\" data-id=\"0aa4dda\" data-element_type=\"column\" data-e-type=\"column\">\n\t\t\t<div class=\"elementor-widget-wrap elementor-element-populated\">\n\t\t\t\t\t\t<div class=\"elementor-element elementor-element-8274f1f elementor-widget elementor-widget-text-editor\" data-id=\"8274f1f\" data-element_type=\"widget\" data-e-type=\"widget\" data-widget_type=\"text-editor.default\">\n\t\t\t\t<div class=\"elementor-widget-container\">\n\t\t\t\t\t\t\t\t\t<ul><li>haben\u00a0<span style=\"color: #000000;\">wir uns zum Ziel gesetzt, das regionale, aus Durchforstung anfallende\u00a0Eichenrundholz, dem optimalen Verwendungszweck zuzuf\u00fchren<\/span>.<br \/><br \/><\/li><li>Hieraus\u00a0<span style=\"color: #000000;\">resultiert unsere Produktpalette, bestehend aus Rundh\u00f6lzern und Schnitth\u00f6lzern verschiedener Qualit\u00e4ten bis hin zu den Resth\u00f6lzern,\u00a0die dem regionalen Energiemarkt zur Verf\u00fcgung gestellt werden<\/span>.<\/li><\/ul>\t\t\t\t\t\t\t\t<\/div>\n\t\t\t\t<\/div>\n\t\t\t\t\t<\/div>\n\t\t<\/div>\n\t\t\t\t\t<\/div>\n\t\t<\/section>\n\t\t\t\t<section class=\"elementor-section elementor-top-section elementor-element elementor-element-ad329f8 elementor-section-boxed elementor-section-height-default elementor-section-height-default\" data-id=\"ad329f8\" data-element_type=\"section\" data-e-type=\"section\">\n\t\t\t\t\t\t\t<div class=\"elementor-background-overlay\"><\/div>\n\t\t\t\t\t\t\t<div class=\"elementor-container elementor-column-gap-default\">\n\t\t\t\t\t<div class=\"elementor-column elementor-col-100 elementor-top-column elementor-element elementor-element-2595fb1\" data-id=\"2595fb1\" data-element_type=\"column\" data-e-type=\"column\" data-settings=\"{&quot;background_background&quot;:&quot;classic&quot;}\">\n\t\t\t<div class=\"elementor-widget-wrap elementor-element-populated\">\n\t\t\t\t\t\t<div class=\"elementor-element elementor-element-bf36c12 elementor-widget elementor-widget-text-editor\" data-id=\"bf36c12\" data-element_type=\"widget\" data-e-type=\"widget\" data-widget_type=\"text-editor.default\">\n\t\t\t\t<div class=\"elementor-widget-container\">\n\t\t\t\t\t\t\t\t\t<p><strong>Gerne beantworten wir Fragen und Kundenw\u00fcnsche von <em>Gesch\u00e4ftskunden<\/em> telefonisch, per E-Mail oder \u00fcber unser <a href=\"http:\/\/saegewerk-enders.de\/kontakt\">Kontaktformular <\/a><\/strong><br \/>\/\/ \u00a0<strong>Tel.:<\/strong> +49 6563 8965 \/\/\u00a0<strong>Fax<\/strong>: +49 6563 930 403 \/\/\u00a0<strong>E-Mail:<\/strong> <a href=\"mailto:info@saegewerk-enders.de\" target=\"_blank\" rel=\"noopener\">info (at) saegewerk-enders.de<\/a> \/\/<\/p><p>Anfragen von <strong><em>Privatkunden\u00a0<\/em><\/strong>erbitten wir\u00a0per <strong>E-Mail<\/strong> oder \u00fcber unser <strong><a href=\"http:\/\/saegewerk-enders.de\/kontakt\">Kontaktformular\u00a0<\/a><\/strong><\/p>\t\t\t\t\t\t\t\t<\/div>\n\t\t\t\t<\/div>\n\t\t\t\t\t<\/div>\n\t\t<\/div>\n\t\t\t\t\t<\/div>\n\t\t<\/section>\n\t\t\t\t<\/div>\n\t\t","protected":false},"excerpt":{"rendered":"<p>S\u00c4GEWERK ALOIS ENDERS GMBH &amp; CO. KG ST. THOMAS (EIFEL) Herzlich willkommen auf den Internetseiten des\u00a0S\u00e4gewerks Alois Enders GmbH &amp; Co. KG in St. Thomas (Eifel). Die S\u00e4gewerk Alois Enders GmbH &amp; Co. KG ist der Spezialist f\u00fcr die Verarbeitung von Eichenrundholz. Auf den folgenden Informationsseiten geben wir Ihnen einen Einblick in unser Unternehmen. \u00a0Wir [&hellip;]<\/p>\n","protected":false},"author":1,"featured_media":2653,"parent":0,"menu_order":0,"comment_status":"closed","ping_status":"closed","template":"","meta":{"footnotes":""},"class_list":["post-24","page","type-page","status-publish","has-post-thumbnail","hentry"],"_links":{"self":[{"href":"https:\/\/saegewerk-enders.de\/en\/wp-json\/wp\/v2\/pages\/24","targetHints":{"allow":["GET"]}}],"collection":[{"href":"https:\/\/saegewerk-enders.de\/en\/wp-json\/wp\/v2\/pages"}],"about":[{"href":"https:\/\/saegewerk-enders.de\/en\/wp-json\/wp\/v2\/types\/page"}],"author":[{"embeddable":true,"href":"https:\/\/saegewerk-enders.de\/en\/wp-json\/wp\/v2\/users\/1"}],"replies":[{"embeddable":true,"href":"https:\/\/saegewerk-enders.de\/en\/wp-json\/wp\/v2\/comments?post=24"}],"version-history":[{"count":506,"href":"https:\/\/saegewerk-enders.de\/en\/wp-json\/wp\/v2\/pages\/24\/revisions"}],"predecessor-version":[{"id":6070,"href":"https:\/\/saegewerk-enders.de\/en\/wp-json\/wp\/v2\/pages\/24\/revisions\/6070"}],"wp:featuredmedia":[{"embeddable":true,"href":"https:\/\/saegewerk-enders.de\/en\/wp-json\/wp\/v2\/media\/2653"}],"wp:attachment":[{"href":"https:\/\/saegewerk-enders.de\/en\/wp-json\/wp\/v2\/media?parent=24"}],"curies":[{"name":"wp","href":"https:\/\/api.w.org\/{rel}","templated":true}]}}